{"id":3457,"date":"2025-07-22T16:48:10","date_gmt":"2025-07-22T16:48:10","guid":{"rendered":"https:\/\/revistacentro.org\/index.php\/tsukamoto-2\/"},"modified":"2025-09-25T11:55:51","modified_gmt":"2025-09-25T11:55:51","slug":"daniell","status":"publish","type":"page","link":"https:\/\/revistacentro.org\/index.php\/daniell\/","title":{"rendered":"Semin\u00e1rio Internacional . Thomas Daniell"},"content":{"rendered":"<div id=\"cs-content\" class=\"cs-content\"><div id=\"x-section-1\" class=\"x-section fau bg-image\" style=\"margin: 0px;padding: 0px; background-image: url(https:\/\/revistacentro.org\/wp-content\/uploads\/2025\/07\/jardim.jpg); background-color: transparent;\" data-x-element=\"section\" data-x-params=\"{&quot;type&quot;:&quot;image&quot;,&quot;parallax&quot;:false}\"><div id=\"\" class=\"x-container max width\" style=\"margin: 0px auto;padding: 0px;\" ><div  class=\"x-column x-sm x-1-1\" style=\"padding: 0px;\" >&nbsp;<\/div><\/div><\/div><div id=\"index\" class=\"x-section\" style=\"margin: 0px;padding: 0px 0px 45px; background-color: #ffffff;\" ><div id=\"\" class=\"x-container max width\" style=\"margin: 0px auto;padding: 0px;\" ><div  class=\"x-column x-sm x-1-1\" style=\"padding: 0px;\" ><hr  class=\"x-gap\" style=\"margin: 50px 0 0 0;\"><div id=\"\" class=\"x-text\" style=\"\" ><h1><span style=\"color: #000000;\">THOMAS DANIELL em <span style=\"color: #ff0000;\">S\u00c3O PAULO<\/span><\/span><\/h1>\n<h3>PROFESSOR DA KYOTO UNIVERSITY . ARQUITETURA JAPONESA<\/h3>\n<\/div><hr  class=\"x-gap\" style=\"margin: 30px 0 0 0;\"><div id=\"\" class=\"x-text\" style=\"\" ><h2><span style=\"color: #808080;\">SEMIN\u00c1RIO INTERNACIONAL<\/span><\/h2>\n<h3><span style=\"color: #808080;\">23, 24 &amp; 25 de Setembro, 2025. 18h00-20h00. Tiet\u00ea178 &amp; MuBE<\/span><\/h3>\n<h3><span style=\"color: #808080;\">Org. Gabriel Kogan. Inscri\u00e7\u00f5es Limitadas!<\/span><\/h3>\n<\/div><hr  class=\"x-gap\" style=\"margin: 10px 0 0 0;\"><div id=\"\" class=\"x-text cs-ta-left\" style=\"\" ><p>Tr\u00eas palestras:<\/p>\n<p><span style=\"color: #ff0000;\"><strong>23\/09 . O Legado da Arquitetura Metabolista: Do P\u00f3s-Guerra ao P\u00f3s-Tsunami - Esgotado<\/strong><\/span><\/p>\n<p><span style=\"color: #ff0000;\"><strong> <\/strong><b>24\/09 . <strong>Uma Arquitetura Japonesa Marginal: <\/strong><strong>T\u00e9cnicas Construtivas Alternativas e Auto-Constru\u00e7\u00e3o - Esgotado<\/strong><\/b><\/span><\/p>\n<p><b>25\/09 . <strong>Jardins Japoneses: Espa\u00e7o-Tempo do Macrocosmo ao Microcosmo - Vagas dispon\u00edveis!<\/strong><\/b><\/p>\n<\/div><\/div><\/div><div id=\"\" class=\"x-container max width\" style=\"margin: 0px auto;padding: 0px;\" ><div  class=\"x-column x-sm x-1-1\" style=\"padding: 0px;\" ><hr  class=\"x-gap\" style=\"margin: 20px 0 0 0;\"><div  class=\"x-columnize\" ><p>A terceira edi\u00e7\u00e3o do Semin\u00e1rio Internacional Narrativas Arquitet\u00f4nicas traz orgulhosamente para S\u00e3o Paulo o professor Thomas Daniell para tr\u00eas palestras nos dias 23, 24 e 25 de Setembro.<\/p>\n<p>Professor da Kyoto University, Thomas Daniell \u00e9 um dos maiores especialistas em arquitetura japonesa. Autor de dezenas de livros sobre o assunto, tais como o referencial An Anatomy of Influence, ele desenvolve uma pesquisa transversal sobre a arquitetura no Jap\u00e3o que abrange desde o per\u00edodo pr\u00e9-moderno at\u00e9 a contemporaneidade.<\/p>\n<p>___________________<\/p>\n<p>As palestras abordar\u00e3o tr\u00eas temas independentes:<\/p>\n<p><strong>23\/09 . O Legado da Arquitetura Metabolista: Do P\u00f3s-Guerra ao P\u00f3s-Tsunami.<\/strong> Uma vis\u00e3o geral da constante reinven\u00e7\u00e3o e refinamento da arquitetura japonesa, desde as vis\u00f5es p\u00f3s-Segunda Guerra Mundial dos Metabolistas at\u00e9 as propostas da gera\u00e7\u00e3o atual no p\u00f3s-Terremoto de Tohoku.<\/p>\n<p><strong>24\/09 . Uma Arquitetura Japonesa Marginal: <\/strong><strong>T\u00e9cnicas Construtivas Alternativas e Auto-Constru\u00e7\u00e3o: <\/strong>\u00a0An\u00e1lise ampla dos m\u00e9todos alternativos de constru\u00e7\u00e3o e da arquitetura autoconstru\u00edda no Jap\u00e3o, da casa de Kenji Kawai ao edif\u00edcio \u201cArimasuton\u201d de Keisuke Oka, com foco na \u201cBarrack Theory\u201d de Osamu Ishiyama.<\/p>\n<p><strong>25\/09 . Jardins Japoneses: Espa\u00e7o-Tempo do Macrocosmo ao Microcosmo.<\/strong> Panorama das t\u00e9cnicas espaciais e temporais usadas no design de jardins tradicionais japoneses, que v\u00e3o desde jardins de pedra a jardins de passeio, jardins \"paradis\u00edacos\", jardins de casas de ch\u00e1 e jardins de p\u00e1tio.<\/p>\n<p>___________________<\/p>\n<p><strong>Semin\u00e1rio Internacional Narrativas Arquitet\u00f4nicas<\/strong><\/p>\n<p>A primeira edi\u00e7\u00e3o do Semin\u00e1rio Internacional de Narrativas Arquitet\u00f4nicas em 2018 trouxe ao Brasil o arquiteto e professor italiano Filippo Bricolo que falou, ao longo de 3 noites no audit\u00f3rio do MuBE, sobre a obra de Carlo Scarpa. O evento atraiu arquitetos de todas as regi\u00f5es do Brasil, tornando-se um espa\u00e7o de encontro e discuss\u00f5es. Em 2023, foi a vez de receber o arquiteto Yoshiharu Tsukamoto, que apresentou sua obra no Atelier Bow Wow e de seu laborat\u00f3rio de pesquisa, o Tsukamoto Lab na Tokyo Tech. Em oposi\u00e7\u00e3o a palestras de curta dura\u00e7\u00e3o onde o convidado tem pouco tempo para explorar suas ideias, o Semin\u00e1rio Internacional de Narrativas Arquitet\u00f4nicas oferece a possibilidade de aprofundamento das pesquisas em um car\u00e1cter de confer\u00eancia de pelo menos 4 ou 5 horas totais, dividas em dois ou tr\u00eas dias. Valoriza-se assim o desejo de aprendizado e de trocas. Todas as palestras t\u00eam tradu\u00e7\u00e3o simult\u00e2nea feita por profissionais juramentados. As inscri\u00e7\u00f5es s\u00e3o divulgadas em plataformas online, tais como redes sociais e mailings. Haver\u00e1 vagas gratuitas e a pre\u00e7os sociais para estudantes bolsistas. Organiza\u00e7\u00e3o: Gabriel Kogan<\/p>\n<p>___________________<\/p>\n<p><strong>Thomas Daniell<\/strong><\/p>\n<p>Arquiteto, cr\u00edtico, pesquisador e professor da Universidade de Kyoto no Departamento de Arquitetura e Engenharia Arquitet\u00f4nica. Autor de livros como After the Crash: Architecture in Post-Bubble Japan (2008), Houses and Gardens of Kyoto (2012) e An Anatomy of Influence (2018). Al\u00e9m disso, traduziu textos seminais da arquitetura japonesa para o ingl\u00eas, entre eles os artigos de Toyo Ito reunidos no livro Tarzans in the Media Forest (2013), publica\u00e7\u00e3o no qual escreveu tamb\u00e9m o pref\u00e1cio.<\/p>\n<p><strong>Quando?<\/strong><\/p>\n<p>23, 24 e 25 de Setembro, 2025. 18h00- 20h00<\/p>\n<p><strong>Onde?<\/strong><\/p>\n<p>23 &amp; 24 no Tiet\u00ea 178 (Alameda Tiet\u00ea 178. S\u00e3o Paulo - SP)<\/p>\n<p>25 no Audit\u00f3rio do MuBE (<span>R. Alemanha, 221 - Jardim Europa, S\u00e3o Paulo - SP)<\/span><\/p>\n<p><strong>Numero de Vagas<\/strong><\/p>\n<p>50 vagas para o pacote completo das tr\u00eas aulas (23, 24 25\/09)<\/p>\n<p>100 vagas adicionais para a palestra no MuBE (25\/09)<\/p>\n<p><strong>Idioma<\/strong><\/p>\n<p>As palestras ser\u00e3o dadas em Ingl\u00eas com tradu\u00e7\u00e3o simult\u00e2nea para Portugu\u00eas.<\/p>\n<p>___________________<\/p>\n<p><strong>Valor<\/strong><\/p>\n<p>Pacote para os tr\u00eas dias de evento, 23, 24 e 25\/09: Esgotado!<\/p>\n<p>Palestra Jardins Japoneses 25\/09: R$350,00<\/p>\n<p>___________________<\/p>\n<p>Disponibilidade limitada de bolsas com 85% de desconto para estudantes. Sele\u00e7\u00e3o por ordem de pedido. Pr\u00e9-requisito: estudantes com bolsas p\u00fablicas (municipais, estaduais ou federais) com matr\u00edcula regular em universidade p\u00fablica ou privada; qualquer bolsa ser\u00e1 aceita (incluindo aux\u00edlio alimenta\u00e7\u00e3o ou ProUNI). Estudantes de baixa renda matriculados em universidades p\u00fablicas podem pleitear o desconto mesmo n\u00e3o tendo aux\u00edlios anteriores mediante a autodeclara\u00e7\u00e3o. Cotas raciais tamb\u00e9m dispon\u00edveis mediante a autodeclara\u00e7\u00e3o. Requisi\u00e7\u00e3o por gabrielkogan@gabrielkogan.com; incluir comprovante de bolsa e\/ou autodeclara\u00e7\u00e3o.<\/p>\n<p>O MuBE disponibilizar\u00e1 vagas gratuitas (100% de desconto). Para aplicar para essas bolsas o contato deve ser feito diretamente com o museu pelo e-mail educativo@mube.art.br<\/p>\n<p><strong>Pol\u00edtica de cancelamento<\/strong><\/p>\n<p>A partir da requisi\u00e7\u00e3o do(a) inscrito(a), ser\u00e1 feita restitui\u00e7\u00e3o integral do valor, caso o pedido de cancelamento seja feito em at\u00e9 7 dias ap\u00f3s a compra. Ap\u00f3s os 7 dias, n\u00e3o ser\u00e1 feita devolu\u00e7\u00e3o. A inscri\u00e7\u00e3o \u00e9 intransfer\u00edvel.<\/p>\n<p><strong>Organiza\u00e7\u00e3o<\/strong><\/p>\n<p>Gabriel Kogan<\/p>\n<p><strong>E-mail para contato<\/strong><\/p>\n<p>gabrielkogan@gabrielkogan.com<\/p>\n<p><strong>Apoio Institucional<\/strong><\/p>\n<p>MuBE . PMSP<\/p><\/div><div id=\"\" class=\"x-text\" style=\"\" ><\/div><\/div><\/div><\/div><div id=\"x-section-3\" class=\"x-section fau\" style=\"margin: 0px;padding: 0px; background-color: transparent;\" ><div id=\"\" class=\"x-container max width\" style=\"margin: 0px auto;padding: 0px;\" ><div  class=\"x-column x-sm x-1-1\" style=\"padding: 0px;\" ><hr  class=\"x-gap\" style=\"margin: 50px 0 0 0;\"><div id=\"\" class=\"x-text\" style=\"\" ><h4 style=\"text-align: left;\"><\/h4>\n<h4 style=\"text-align: left;\"><strong>INSCREVA-SE AQUI . R$350,00 - Para a palestra no MuBE (25\/09). Encerrado!<\/strong><\/h4>\n<h4 style=\"text-align: left;\"><img src=\"\/\/assets.pagseguro.com.br\/ps-integration-assets\/botoes\/pagamentos\/205x30-pagar-preto.gif\" alt=\"Pague com PagSeguro - \u00e9 r\u00e1pido, gr\u00e1tis e seguro!\" width=\"205\" height=\"30\" class=\"alignnone\" \/><\/h4>\n<p><!-- FIM DO BOTAO PAGSEGURO --><\/p>\n<h5 style=\"text-align: left;\"><strong>INSCRI\u00c7\u00c3O COM DESCONTO PARA ESTUDANTES DE UNIVERSIDADE P\u00daBLICA E BOLSISTAS TAMB\u00c9M DISPON\u00cdVEIS, MEDIANTE A DISPONIBILIDADE (VER REGRAS ACIMA)<\/strong><\/h5>\n<h5 style=\"text-align: left;\"><\/h5>\n<h5><!-- FIM DO BOTAO PAGSEGURO --><\/h5>\n<h5><!-- FIM DO BOTAO PAGSEGURO --><\/h5>\n<h5 style=\"text-align: left;\"><\/h5>\n<p>____________________<\/p>\n<\/div><hr  class=\"x-gap\" style=\"margin: 50px 0 0 0;\"><\/div><\/div><\/div><div id=\"x-section-4\" class=\"x-section fau\" style=\"margin: 0px;padding: 0px;width: 100%; padding: 0px 0px 0px 0px !important; background-color: transparent;\" ><div id=\"\" class=\"x-container max width\" style=\"margin: 0px auto;padding: 0px;width: 100%; padding: 0px 0px 0px 0px !important;\" ><div  class=\"x-column x-sm x-1-1\" style=\"padding: 0px;width: 100%; padding: 0px 0px 0px 0px !important;\" ><span class=\"x-image e3457-e27 m2o1-0\"><img src=\"https:\/\/revistacentro.org\/wp-content\/uploads\/2025\/07\/Ishiyama.jpg\" width=\"800\" height=\"474\" alt=\"Image\" loading=\"lazy\"><\/span><hr  class=\"x-gap\" style=\"margin: 50px 0 0 0;\"><\/div><\/div><\/div><div class=\"x-section has-particle e3457-e29 m2o1-1 m2o1-2 m2o1-3\"><div class=\"x-row x-container max width e3457-e30 m2o1-4 m2o1-5\"><div class=\"x-row-inner\"><div class=\"x-col e3457-e31 m2o1-6\"><\/div><\/div><\/div><span class=\"x-particle is-primary\" data-x-particle=\"scale-y inside-b_c\" aria-hidden=\"true\"><span style=\"\"><\/span><\/span><span class=\"x-particle is-secondary\" data-x-particle=\"scale-y inside-b_c\" aria-hidden=\"true\"><span style=\"\"><\/span><\/span><\/div><\/div>\n","protected":false},"excerpt":{"rendered":"<p>&nbsp;THOMAS DANIELL em S\u00c3O PAULO PROFESSOR DA KYOTO UNIVERSITY . ARQUITETURA JAPONESA SEMIN\u00c1RIO INTERNACIONAL 23, 24 &amp; 25 de Setembro, 2025. 18h00-20h00. Tiet\u00ea178 &amp; MuBE Org. Gabriel Kogan. Inscri\u00e7\u00f5es Limitadas! Tr\u00eas palestras: 23\/09 . O Legado da Arquitetura Metabolista: Do P\u00f3s-Guerra ao P\u00f3s-Tsunami &#8211; Esgotado 24\/09 . Uma Arquitetura Japonesa Marginal: T\u00e9cnicas Construtivas Alternativas e Auto-Constru\u00e7\u00e3o &#8211; Esgotado 25\/09 . &#8230;<\/p>\n","protected":false},"author":3,"featured_media":3470,"parent":0,"menu_order":0,"comment_status":"closed","ping_status":"closed","template":"template-blank-4.php","meta":[],"_links":{"self":[{"href":"https:\/\/revistacentro.org\/index.php\/wp-json\/wp\/v2\/pages\/3457"}],"collection":[{"href":"https:\/\/revistacentro.org\/index.php\/wp-json\/wp\/v2\/pages"}],"about":[{"href":"https:\/\/revistacentro.org\/index.php\/wp-json\/wp\/v2\/types\/page"}],"author":[{"embeddable":true,"href":"https:\/\/revistacentro.org\/index.php\/wp-json\/wp\/v2\/users\/3"}],"replies":[{"embeddable":true,"href":"https:\/\/revistacentro.org\/index.php\/wp-json\/wp\/v2\/comments?post=3457"}],"version-history":[{"count":24,"href":"https:\/\/revistacentro.org\/index.php\/wp-json\/wp\/v2\/pages\/3457\/revisions"}],"predecessor-version":[{"id":3488,"href":"https:\/\/revistacentro.org\/index.php\/wp-json\/wp\/v2\/pages\/3457\/revisions\/3488"}],"wp:featuredmedia":[{"embeddable":true,"href":"https:\/\/revistacentro.org\/index.php\/wp-json\/wp\/v2\/media\/3470"}],"wp:attachment":[{"href":"https:\/\/revistacentro.org\/index.php\/wp-json\/wp\/v2\/media?parent=3457"}],"curies":[{"name":"wp","href":"https:\/\/api.w.org\/{rel}","templated":true}]}}